{"id":180,"date":"2023-03-17T15:48:18","date_gmt":"2023-03-17T13:48:18","guid":{"rendered":"https:\/\/paikallis-sahko.fi\/?page_id=180"},"modified":"2026-04-20T10:14:39","modified_gmt":"2026-04-20T07:14:39","slug":"tietoa-meista","status":"publish","type":"page","link":"https:\/\/paikallis-sahko.fi\/en\/tietoa-meista\/","title":{"rendered":"Tietoa meist\u00e4"},"content":{"rendered":"\n<section id=\"default-anchor-69f3792af0880\" class=\"block block-hero container-fluid\">\n    <div class=\"container\">\n        <div class=\"row\">\n            <div class=\"col-12\">\n                <div class=\"content\">\n                    <div class=\"row\">\n                        \n\n<div id=\"default-anchor-69f3792aef48d\" class=\"block-innerblocks-container col-12 col-lg-6 block-column \">\n    <main class=\"entry-content\">\n        \n\n<h1 class=\"wp-block-heading\"><strong><mark style=\"background-color:rgba(0, 0, 0, 0)\" class=\"has-inline-color has-green-color\">s\u00e4hk\u00f6\u00ad\u00adurakointia <\/mark>vuodesta <mark style=\"background-color:rgba(0, 0, 0, 0)\" class=\"has-inline-color has-red-color\">1959<\/mark><\/strong><\/h1>\n\n\n    <\/main>\n<\/div>\n\n\n<div id=\"default-anchor-69f3792aef5a1\" class=\"block-innerblocks-container col-12 col-lg-6 block-column \">\n    <main class=\"entry-content\">\n        \n\n<p><\/p>\n\n\n    <\/main>\n<\/div>\n\n                    <\/div>\n                <\/div>\n            <\/div>\n\n\n            <div class=\"col-12 col-lg-8 offset-lg-2 image-col\">\n                                <div class=\"hero-image-wrapper\">\n                    <img decoding=\"async\" src=\"https:\/\/paikallis-sahko.fi\/wp-content\/uploads\/sites\/2\/2023\/04\/Paikallis-Sahko_110423_web_RM_09811-1.jpg\" width=\"2048\" height=\"1365\" class=\"hero-image no-lazy\" alt=\"\">                    <img decoding=\"async\" src=\"https:\/\/paikallis-sahko.fi\/wp-content\/uploads\/sites\/2\/2023\/04\/Paikallis-Sahko_110423_web_RM_09811-1.jpg\" width=\"2048\" height=\"1365\" class=\"hero-image-mobile no-lazy\" alt=\"\">                                    <\/div>\n                \n                            <\/div>\n        <\/div>\n    <\/div>\n<\/section>\n\n\n<section id=\"default-anchor-69f3792af0ec0\" class=\"block block-content-wrapper container-fluid container-fluid \">\n    <div class=\"container\">\n        <div class=\"row\">\n            <div class=\"col-12 col-lg-8 offset-lg-2\">\n                <main class=\"entry-content\">\n                    \n\n<p>Paikallis-S\u00e4hk\u00f6 sai alkunsa vuonna 1959, kun Sotkamon S\u00e4hk\u00f6 perustettiin. Nykyinen toiminimi otettiin k\u00e4ytt\u00f6\u00f6n 10 vuotta my\u00f6hemmin.<\/p>\n\n\n\n<p>Kehitys ja kasvu ovat olleet l\u00e4sn\u00e4 Paikallis-S\u00e4hk\u00f6n arjessa alkuvuosista aina. Palvelemme kattavasti kaikissa s\u00e4hk\u00f6asioissa Kainuussa, Koillismaalla ja Oulun talousalueella ja Lapin teollisuuskohteissa. Vuonna 2025 liikevaihtomme oli noin 42 miljoonaa euroa, ja palveluksessamme oli noin 180 ammattilaista.<\/p>\n\n\n\n<p>Laadukas asiakaspalvelu on toimintamme selk\u00e4ranka. Osoituksena osaamisestamme meid\u00e4t on palkittu monilla valtakunnallisilla tunnustuksilla ja palveluilla. Paras kiitos on kuitenkin hyvin tehty ty\u00f6, niin suurten rakennuskohteiden s\u00e4hk\u00f6urakoinneissa kuin yritysten ja yksityishenkil\u00f6iden s\u00e4hk\u00f6istyksiss\u00e4.<\/p>\n\n\n\n<p>Olemme osa Nimlasta, yht\u00e4 Suomen suurimmista talotekniikka-alan toimijoista.  Nimlas-konsernin maanlaajuinen, kattavasti kaikkia talotekniikan palveluja tarjoava verkosto antaa my\u00f6s Paikallis-S\u00e4hk\u00f6lle aivan monipuoliset mahdollisuudet palvella paikallisia asiakkaitaan heid\u00e4n yksil\u00f6lliset tarpeensa tarkasti huomioiden.<\/p>\n\n\n\n<div class=\"wp-block-button\"><a class=\"wp-block-button__link wp-element-button\" href=\"https:\/\/nimlas.fi\" target=\"_blank\" rel=\"noreferrer noopener\">Nimlas<\/a><\/div>\n\n\n                <\/main>\n            <\/div>\n\n                    <\/div>\n    <\/div>\n<\/section>\n\n\n<section id=\"default-anchor-69f3792af1a11\" \n    class=\"block block-timeline container-fluid  has-carousel\">\n    <div class=\"container\">\n        <div class=\"row title-row\">\n            <div class=\"col-12 col-lg-6\">\n                <div class=\"entry-content\">\n                    \n\n<h2 class=\"wp-block-heading\">Paikallis-S\u00e4hk\u00f6n matka<\/h2>\n\n\n                <\/div>\n            <\/div>\n        <\/div>\n        <div class=\"row\">\n            <div class=\"col-12\">\n                <div class=\"entry-content\">\n                                        <div class=\"carousel-controls start\">\n                        <button class=\"slick-prev\" aria-lable=\"Edellinen\"><\/button>\n                        <button class=\"slick-next\" aria-lable=\"Seuraava\"><\/button>\n                    <\/div>\n                                        <div\n                        class=\"timeline carousel mobile-accordion\">\n                                                <div class=\" timeline-time\">\n                                                        <button type=\"button\"\n                                class=\"timeline-title \"\n                                data-toggle=\"collapse\" data-target=\"#collapse-0-69f3792af1a16\"\n                                aria-controls=\"collapse-0-69f3792af1a16\"\n                                aria-expanded=\"true\"><span\n                                    class=\"text\">1959\u20131996<\/span><\/button>\n                            \n                                                        <div class=\"events collapse show\"\n                                id=\"collapse-0-69f3792af1a16\">\n                                                                <div class=\"event entry-content\">\n                                    <p class=\"pre-title\">\n                                        1959                                    <\/p>                                                                        <p class=\"desc\">Sotkamon S\u00e4hk\u00f6 perustettiin.<\/p>\n                                                                    <\/div>\n                                                                <div class=\"event entry-content\">\n                                    <p class=\"pre-title\">\n                                        1967                                    <\/p>                                                                        <p class=\"desc\">Sotkamon S\u00e4hk\u00f6 liittyi Expert-ketjuun.<\/p>\n                                                                    <\/div>\n                                                                <div class=\"event entry-content\">\n                                    <p class=\"pre-title\">\n                                        1969                                     <\/p>                                                                        <p class=\"desc\">Sotkamon S\u00e4hk\u00f6st\u00e4 Paikallis-S\u00e4hk\u00f6.<\/p>\n                                                                    <\/div>\n                                                                <div class=\"event entry-content\">\n                                    <p class=\"pre-title\">\n                                        1988                                    <\/p>                                                                        <p class=\"desc\">Paikallis-S\u00e4hk\u00f6 osti Kajaanin S\u00e4hk\u00f6ty\u00f6 Oy:n.<\/p>\n                                                                    <\/div>\n                                                                <div class=\"event entry-content\">\n                                    <p class=\"pre-title\">\n                                        1996                                    <\/p>                                                                        <p class=\"desc\">Paikallis-S\u00e4hk\u00f6 valittiin Vuoden Expert-myym\u00e4l\u00e4ksi.<\/p>\n                                                                    <\/div>\n                                                            <\/div>\n                            \n                        <\/div>\n                                                <div class=\" timeline-time\">\n                                                        <button type=\"button\"\n                                class=\"timeline-title collapsed\"\n                                data-toggle=\"collapse\" data-target=\"#collapse-1-69f3792af1a16\"\n                                aria-controls=\"collapse-1-69f3792af1a16\"\n                                aria-expanded=\"false\"><span\n                                    class=\"text\">1997\u20132007<\/span><\/button>\n                            \n                                                        <div class=\"events collapse \"\n                                id=\"collapse-1-69f3792af1a16\">\n                                                                <div class=\"event entry-content\">\n                                    <p class=\"pre-title\">\n                                        1997                                    <\/p>                                                                        <p class=\"desc\">Kajaanin Kauppakadun myym\u00e4l\u00e4\u00e4n valaisinmyym\u00e4l\u00e4.<\/p>\n                                                                    <\/div>\n                                                                <div class=\"event entry-content\">\n                                    <p class=\"pre-title\">\n                                        1999                                    <\/p>                                                                        <p class=\"desc\">S\u00e4hk\u00f6alan koulutus- ja tutkimuss\u00e4\u00e4ti\u00f6n valtakunnallinen koulutuspalkinto. <\/p>\n                                                                    <\/div>\n                                                                <div class=\"event entry-content\">\n                                    <p class=\"pre-title\">\n                                        1999                                    <\/p>                                                                        <p class=\"desc\">Yrityksen oma laatuohjeisto otettiin k\u00e4ytt\u00f6\u00f6n. <\/p>\n                                                                    <\/div>\n                                                                <div class=\"event entry-content\">\n                                    <p class=\"pre-title\">\n                                        1999                                    <\/p>                                                                        <p class=\"desc\">Paikallis-S\u00e4hk\u00f6n Sotkamon toimitalo valmistui.<\/p>\n                                                                    <\/div>\n                                                                <div class=\"event entry-content\">\n                                    <p class=\"pre-title\">\n                                        2007                                    <\/p>                                                                        <p class=\"desc\">Paikallis-S\u00e4hk\u00f6 kasvatti s\u00e4hk\u00f6urakointiaan ostamalla paltamolaisen S\u00e4hk\u00f6toimisto Pekkala Oy:n.<\/p>\n                                                                    <\/div>\n                                                            <\/div>\n                            \n                        <\/div>\n                                                <div class=\" timeline-time\">\n                                                        <button type=\"button\"\n                                class=\"timeline-title collapsed\"\n                                data-toggle=\"collapse\" data-target=\"#collapse-2-69f3792af1a16\"\n                                aria-controls=\"collapse-2-69f3792af1a16\"\n                                aria-expanded=\"false\"><span\n                                    class=\"text\">2009\u20132013<\/span><\/button>\n                            \n                                                        <div class=\"events collapse \"\n                                id=\"collapse-2-69f3792af1a16\">\n                                                                <div class=\"event entry-content\">\n                                    <p class=\"pre-title\">\n                                        2009                                    <\/p>                                                                        <p class=\"desc\">Ennakkohuoltopalveluiden tarjoaminen aloitettiin.<\/p>\n                                                                    <\/div>\n                                                                <div class=\"event entry-content\">\n                                    <p class=\"pre-title\">\n                                        2010                                    <\/p>                                                                        <p class=\"desc\">TEGG-ennakkohuoltopalvelun toiminta laajeni tietoliikennesektorille.<\/p>\n                                                                    <\/div>\n                                                                <div class=\"event entry-content\">\n                                    <p class=\"pre-title\">\n                                        2011                                    <\/p>                                                                        <p class=\"desc\">Soneran yritysasiakkaisiin liittyv\u00e4 kaupank\u00e4ynti Kainuussa siirrettiin Paikallis-S\u00e4hk\u00f6n hoidettavaksi.<\/p>\n                                                                    <\/div>\n                                                                <div class=\"event entry-content\">\n                                    <p class=\"pre-title\">\n                                        2011                                    <\/p>                                                                        <p class=\"desc\">Paikallis-S\u00e4hk\u00f6 osti kuusamolaisesta S\u00e4hk\u00f6insin\u00f6\u00f6ritoimisto Tuomo Tuominen Oy:st\u00e4 enemmist\u00f6osuuden. Yhti\u00f6 jatkoi Paikallis-S\u00e4hk\u00f6n tyt\u00e4ryrityksen\u00e4.<\/p>\n                                                                    <\/div>\n                                                                <div class=\"event entry-content\">\n                                    <p class=\"pre-title\">\n                                        2013                                    <\/p>                                                                        <p class=\"desc\">S\u00e4hk\u00f6insin\u00f6\u00f6ritoimisto Tuomo Tuominen Oy fuusioitiin emoyhti\u00f6\u00f6ns\u00e4, jolloin siit\u00e4 tuli Paikallis-S\u00e4hk\u00f6 Oy:n Kuusamon asennus- ja suunnitteluosasto.\r\nLopetimme SoneraPro-kauppiastoiminnan.<\/p>\n                                                                    <\/div>\n                                                            <\/div>\n                            \n                        <\/div>\n                                                <div class=\" timeline-time\">\n                                                        <button type=\"button\"\n                                class=\"timeline-title collapsed\"\n                                data-toggle=\"collapse\" data-target=\"#collapse-3-69f3792af1a16\"\n                                aria-controls=\"collapse-3-69f3792af1a16\"\n                                aria-expanded=\"false\"><span\n                                    class=\"text\">2014\u20132016<\/span><\/button>\n                            \n                                                        <div class=\"events collapse \"\n                                id=\"collapse-3-69f3792af1a16\">\n                                                                <div class=\"event entry-content\">\n                                    <p class=\"pre-title\">\n                                        2014                                    <\/p>                                                                        <p class=\"desc\">Lapin S\u00e4hk\u00f6suunnittelu -aputoiminimi k\u00e4ytt\u00f6\u00f6n.<\/p>\n                                                                    <\/div>\n                                                                <div class=\"event entry-content\">\n                                    <p class=\"pre-title\">\n                                        2014                                    <\/p>                                                                        <p class=\"desc\">S\u00e4hk\u00f6istysurakka Kaunisvaaran kaivoksella Ruotsin Pajalassa alkoi huhtikuussa. Kohde oli ensimm\u00e4inen merkitt\u00e4v\u00e4 projekti Suomen rajojen ulkopuolella 2000-luvulla.<\/p>\n                                                                    <\/div>\n                                                                <div class=\"event entry-content\">\n                                    <p class=\"pre-title\">\n                                        2014                                    <\/p>                                                                        <p class=\"desc\">Paikallis-S\u00e4hk\u00f6n Expert-myym\u00e4l\u00e4t muuttuivat Veikon Kone -myym\u00e4l\u00f6iksi.<\/p>\n                                                                    <\/div>\n                                                                <div class=\"event entry-content\">\n                                    <p class=\"pre-title\">\n                                        2016                                    <\/p>                                                                        <p class=\"desc\">Talotekniikkakonserni Nimlas (ent. QMG) osti Paikallis-S\u00e4hk\u00f6 Oy:n. Konserni on Suomen suurimpia talotekniikka-alan toimijoita.\r\n<\/p>\n                                                                    <\/div>\n                                                                <div class=\"event entry-content\">\n                                    <p class=\"pre-title\">\n                                        2016                                    <\/p>                                                                        <p class=\"desc\">Paikallis-S\u00e4hk\u00f6n myym\u00e4l\u00e4t irtautuivat Veikon Kone -ketjusta ja jatkoivat kaikista alan ketjuista vapaina kodintekniikkaliikkein\u00e4.<\/p>\n                                                                    <\/div>\n                                                            <\/div>\n                            \n                        <\/div>\n                                                <div class=\" timeline-time\">\n                                                        <button type=\"button\"\n                                class=\"timeline-title collapsed\"\n                                data-toggle=\"collapse\" data-target=\"#collapse-4-69f3792af1a16\"\n                                aria-controls=\"collapse-4-69f3792af1a16\"\n                                aria-expanded=\"false\"><span\n                                    class=\"text\">2018\u20132020<\/span><\/button>\n                            \n                                                        <div class=\"events collapse \"\n                                id=\"collapse-4-69f3792af1a16\">\n                                                                <div class=\"event entry-content\">\n                                    <p class=\"pre-title\">\n                                        2018                                    <\/p>                                                                        <p class=\"desc\">Kodintekniikkamyym\u00e4l\u00f6ist\u00e4 luovuttiin. Paikallis-S\u00e4hk\u00f6-konsernin ja sen tyt\u00e4ryhti\u00f6iden liiketoimintaa fokusoitiin LVIJA-, s\u00e4hk\u00f6- ja sprinkleriurakointiin ja kunnossapitoon. Paikallis-S\u00e4hk\u00f6 luopui kodinkoneiden v\u00e4hitt\u00e4iskaupasta ja keskittyy jatkossa s\u00e4hk\u00f6-, automaatio-, tele- ja turvaurakointiin sek\u00e4 s\u00e4hk\u00f6j\u00e4rjestelmien ennakkohuoltopalveluihin.<\/p>\n                                                                    <\/div>\n                                                                <div class=\"event entry-content\">\n                                    <p class=\"pre-title\">\n                                        2019                                    <\/p>                                                                        <p class=\"desc\">Kajaanilaisen Capitis Oy:n kanssa tehty liiketoimintakauppa toi vahvaa rakennusautomaatio-osaamista. Jatkossa molempien yhti\u00f6iden rakennusautomaatiourakointi tapahtuu Paikallis-S\u00e4hk\u00f6lle siirtyv\u00e4n Capitis-nimen alla.<\/p>\n                                                                    <\/div>\n                                                                <div class=\"event entry-content\">\n                                    <p class=\"pre-title\">\n                                        2020                                    <\/p>                                                                        <p class=\"desc\">Timo Ker\u00e4nen Paikallis-S\u00e4hk\u00f6n toimitusjohtajaksi.<\/p>\n                                                                    <\/div>\n                                                                <div class=\"event entry-content\">\n                                    <p class=\"pre-title\">\n                                        2020                                    <\/p>                                                                        <p class=\"desc\">Paikallis-S\u00e4hk\u00f6 vahvisti asemiaan Kuusamossa ja l\u00e4hikunnissa ostamalla S\u00e4hk\u00f6palvelu Mustonen Oy:n sek\u00e4 Palosaaren S\u00e4hk\u00f6 Oy:n s\u00e4hk\u00f6urakointiliiketoiminnat.<\/p>\n                                                                    <\/div>\n                                                            <\/div>\n                            \n                        <\/div>\n                                                <div class=\" timeline-time\">\n                                                        <button type=\"button\"\n                                class=\"timeline-title collapsed\"\n                                data-toggle=\"collapse\" data-target=\"#collapse-5-69f3792af1a16\"\n                                aria-controls=\"collapse-5-69f3792af1a16\"\n                                aria-expanded=\"false\"><span\n                                    class=\"text\">2021\u20132026<\/span><\/button>\n                            \n                                                        <div class=\"events collapse \"\n                                id=\"collapse-5-69f3792af1a16\">\n                                                                <div class=\"event entry-content\">\n                                    <p class=\"pre-title\">\n                                        2021                                    <\/p>                                                                        <p class=\"desc\">Oululaisesta turvatekniikkayhti\u00f6st\u00e4 Capconista (Capitis Control Oy) Paikallis-S\u00e4hk\u00f6n tyt\u00e4ryhti\u00f6.<\/p>\n                                                                    <\/div>\n                                                                <div class=\"event entry-content\">\n                                    <p class=\"pre-title\">\n                                        2021                                    <\/p>                                                                        <p class=\"desc\">Osa Pohjois-Suomen Tekniikkapalvelut Oy:n aurinkos\u00e4hk\u00f6liiketoiminnasta Oulussa ostettiin Paikallis-S\u00e4hk\u00f6\u00f6n.<\/p>\n                                                                    <\/div>\n                                                                <div class=\"event entry-content\">\n                                    <p class=\"pre-title\">\n                                        2023                                    <\/p>                                                                        <p class=\"desc\">Pyh\u00e4joella ja Raahessa toimivan s\u00e4hk\u00f6urakoitsijan Rannikon S\u00e4hk\u00f6pisteen liiketoiminta ostettiin Paikallis-S\u00e4hk\u00f6\u00f6n.<\/p>\n                                                                    <\/div>\n                                                                <div class=\"event entry-content\">\n                                    <p class=\"pre-title\">\n                                        2026                                    <\/p>                                                                        <p class=\"desc\">Paikallis-S\u00e4hk\u00f6n Kuopion toimipiste osaksi Nimlas-konserniin kuuluvaa Mikenti-Virtoota. <\/p>\n                                                                    <\/div>\n                                                            <\/div>\n                            \n                        <\/div>\n                                            <\/div>\n                <\/div>\n            <\/div>\n        <\/div>\n    <\/div>\n<\/section>\n","protected":false},"excerpt":{"rendered":"","protected":false},"author":1,"featured_media":0,"parent":0,"menu_order":0,"comment_status":"closed","ping_status":"closed","template":"","meta":{"_acf_changed":false,"_relevanssi_hide_post":"","_relevanssi_hide_content":"","_relevanssi_pin_for_all":"","_relevanssi_pin_keywords":"","_relevanssi_unpin_keywords":"","_relevanssi_related_keywords":"","_relevanssi_related_include_ids":"","_relevanssi_related_exclude_ids":"","_relevanssi_related_no_append":"","_relevanssi_related_not_related":"","_relevanssi_related_posts":"1145,1216,1204,1206,1132,1183","_relevanssi_noindex_reason":"","footnotes":""},"class_list":["post-180","page","type-page","status-publish","hentry"],"acf":[],"yoast_head":"<!-- This site is optimized with the Yoast SEO plugin v27.4 - https:\/\/yoast.com\/product\/yoast-seo-wordpress\/ -->\n<title>Tietoa meist\u00e4 - Paikallis S\u00e4hk\u00f6 Oy<\/title>\n<meta name=\"robots\" content=\"index, follow, max-snippet:-1, max-image-preview:large, max-video-preview:-1\" \/>\n<link rel=\"canonical\" href=\"https:\/\/paikallis-sahko.fi\/en\/tietoa-meista\/\" \/>\n<meta property=\"og:locale\" content=\"en_US\" \/>\n<meta property=\"og:type\" content=\"article\" \/>\n<meta property=\"og:title\" content=\"Tietoa meist\u00e4\" \/>\n<meta property=\"og:description\" content=\"S\u00e4hk\u00f6\u00adurakointia vuodesta 1959\" \/>\n<meta property=\"og:url\" content=\"https:\/\/paikallis-sahko.fi\/en\/tietoa-meista\/\" \/>\n<meta property=\"og:site_name\" content=\"Paikallis S\u00e4hk\u00f6 Oy\" \/>\n<meta property=\"article:publisher\" content=\"https:\/\/www.facebook.com\/p\/Paikallis-Shk-Oy-100063841823277\/\" \/>\n<meta property=\"article:modified_time\" content=\"2026-04-20T07:14:39+00:00\" \/>\n<meta property=\"og:image\" content=\"https:\/\/paikallis-sahko.fi\/wp-content\/uploads\/sites\/2\/2023\/04\/Paikallis-Sahko_110423_web_RM_09627-1.jpg\" \/>\n\t<meta property=\"og:image:width\" content=\"2048\" \/>\n\t<meta property=\"og:image:height\" content=\"1365\" \/>\n\t<meta property=\"og:image:type\" content=\"image\/jpeg\" \/>\n<meta name=\"twitter:card\" content=\"summary_large_image\" \/>\n<meta name=\"twitter:site\" content=\"@PSahko\" \/>\n<meta name=\"twitter:label1\" content=\"Est. reading time\" \/>\n\t<meta name=\"twitter:data1\" content=\"4 minutes\" \/>\n<script type=\"application\/ld+json\" class=\"yoast-schema-graph\">{\"@context\":\"https:\\\/\\\/schema.org\",\"@graph\":[{\"@type\":\"WebPage\",\"@id\":\"https:\\\/\\\/paikallis-sahko.fi\\\/en\\\/tietoa-meista\\\/\",\"url\":\"https:\\\/\\\/paikallis-sahko.fi\\\/en\\\/tietoa-meista\\\/\",\"name\":\"Tietoa meist\u00e4 - Paikallis S\u00e4hk\u00f6 Oy\",\"isPartOf\":{\"@id\":\"https:\\\/\\\/paikallis-sahko.fi\\\/en\\\/#website\"},\"datePublished\":\"2023-03-17T13:48:18+00:00\",\"dateModified\":\"2026-04-20T07:14:39+00:00\",\"breadcrumb\":{\"@id\":\"https:\\\/\\\/paikallis-sahko.fi\\\/en\\\/tietoa-meista\\\/#breadcrumb\"},\"inLanguage\":\"en-US\",\"potentialAction\":[{\"@type\":\"ReadAction\",\"target\":[\"https:\\\/\\\/paikallis-sahko.fi\\\/en\\\/tietoa-meista\\\/\"]}]},{\"@type\":\"BreadcrumbList\",\"@id\":\"https:\\\/\\\/paikallis-sahko.fi\\\/en\\\/tietoa-meista\\\/#breadcrumb\",\"itemListElement\":[{\"@type\":\"ListItem\",\"position\":1,\"name\":\"Etusivu\",\"item\":\"https:\\\/\\\/paikallis-sahko.fi\\\/en\\\/\"},{\"@type\":\"ListItem\",\"position\":2,\"name\":\"Tietoa meist\u00e4\"}]},{\"@type\":\"WebSite\",\"@id\":\"https:\\\/\\\/paikallis-sahko.fi\\\/en\\\/#website\",\"url\":\"https:\\\/\\\/paikallis-sahko.fi\\\/en\\\/\",\"name\":\"Paikallis S\u00e4hk\u00f6 Oy\",\"description\":\"Me Paikallis-S\u00e4hk\u00f6ll\u00e4 asennamme, huollamme ja modernisoimme Pohjois-Suomen s\u00e4hk\u00f6j\u00e4 yli 150 ammattilaisen voimin.\",\"publisher\":{\"@id\":\"https:\\\/\\\/paikallis-sahko.fi\\\/en\\\/#organization\"},\"potentialAction\":[{\"@type\":\"SearchAction\",\"target\":{\"@type\":\"EntryPoint\",\"urlTemplate\":\"https:\\\/\\\/paikallis-sahko.fi\\\/en\\\/?s={search_term_string}\"},\"query-input\":{\"@type\":\"PropertyValueSpecification\",\"valueRequired\":true,\"valueName\":\"search_term_string\"}}],\"inLanguage\":\"en-US\"},{\"@type\":\"Organization\",\"@id\":\"https:\\\/\\\/paikallis-sahko.fi\\\/en\\\/#organization\",\"name\":\"Paikallis S\u00e4hk\u00f6 Oy\",\"url\":\"https:\\\/\\\/paikallis-sahko.fi\\\/en\\\/\",\"logo\":{\"@type\":\"ImageObject\",\"inLanguage\":\"en-US\",\"@id\":\"https:\\\/\\\/paikallis-sahko.fi\\\/en\\\/#\\\/schema\\\/logo\\\/image\\\/\",\"url\":\"https:\\\/\\\/paikallis-sahko.fi\\\/wp-content\\\/uploads\\\/sites\\\/2\\\/2023\\\/06\\\/Paikallis-sa\u0308hko\u0308-logo-crop.png\",\"contentUrl\":\"https:\\\/\\\/paikallis-sahko.fi\\\/wp-content\\\/uploads\\\/sites\\\/2\\\/2023\\\/06\\\/Paikallis-sa\u0308hko\u0308-logo-crop.png\",\"width\":834,\"height\":229,\"caption\":\"Paikallis S\u00e4hk\u00f6 Oy\"},\"image\":{\"@id\":\"https:\\\/\\\/paikallis-sahko.fi\\\/en\\\/#\\\/schema\\\/logo\\\/image\\\/\"},\"sameAs\":[\"https:\\\/\\\/www.facebook.com\\\/p\\\/Paikallis-Shk-Oy-100063841823277\\\/\",\"https:\\\/\\\/x.com\\\/PSahko\"]}]}<\/script>\n<!-- \/ Yoast SEO plugin. -->","yoast_head_json":{"title":"Tietoa meist\u00e4 - Paikallis S\u00e4hk\u00f6 Oy","robots":{"index":"index","follow":"follow","max-snippet":"max-snippet:-1","max-image-preview":"max-image-preview:large","max-video-preview":"max-video-preview:-1"},"canonical":"https:\/\/paikallis-sahko.fi\/en\/tietoa-meista\/","og_locale":"en_US","og_type":"article","og_title":"Tietoa meist\u00e4","og_description":"S\u00e4hk\u00f6\u00adurakointia vuodesta 1959","og_url":"https:\/\/paikallis-sahko.fi\/en\/tietoa-meista\/","og_site_name":"Paikallis S\u00e4hk\u00f6 Oy","article_publisher":"https:\/\/www.facebook.com\/p\/Paikallis-Shk-Oy-100063841823277\/","article_modified_time":"2026-04-20T07:14:39+00:00","og_image":[{"width":2048,"height":1365,"url":"https:\/\/paikallis-sahko.fi\/wp-content\/uploads\/sites\/2\/2023\/04\/Paikallis-Sahko_110423_web_RM_09627-1.jpg","type":"image\/jpeg"}],"twitter_card":"summary_large_image","twitter_site":"@PSahko","twitter_misc":{"Est. reading time":"4 minutes"},"schema":{"@context":"https:\/\/schema.org","@graph":[{"@type":"WebPage","@id":"https:\/\/paikallis-sahko.fi\/en\/tietoa-meista\/","url":"https:\/\/paikallis-sahko.fi\/en\/tietoa-meista\/","name":"Tietoa meist\u00e4 - Paikallis S\u00e4hk\u00f6 Oy","isPartOf":{"@id":"https:\/\/paikallis-sahko.fi\/en\/#website"},"datePublished":"2023-03-17T13:48:18+00:00","dateModified":"2026-04-20T07:14:39+00:00","breadcrumb":{"@id":"https:\/\/paikallis-sahko.fi\/en\/tietoa-meista\/#breadcrumb"},"inLanguage":"en-US","potentialAction":[{"@type":"ReadAction","target":["https:\/\/paikallis-sahko.fi\/en\/tietoa-meista\/"]}]},{"@type":"BreadcrumbList","@id":"https:\/\/paikallis-sahko.fi\/en\/tietoa-meista\/#breadcrumb","itemListElement":[{"@type":"ListItem","position":1,"name":"Etusivu","item":"https:\/\/paikallis-sahko.fi\/en\/"},{"@type":"ListItem","position":2,"name":"Tietoa meist\u00e4"}]},{"@type":"WebSite","@id":"https:\/\/paikallis-sahko.fi\/en\/#website","url":"https:\/\/paikallis-sahko.fi\/en\/","name":"Paikallis S\u00e4hk\u00f6 Oy","description":"Me Paikallis-S\u00e4hk\u00f6ll\u00e4 asennamme, huollamme ja modernisoimme Pohjois-Suomen s\u00e4hk\u00f6j\u00e4 yli 150 ammattilaisen voimin.","publisher":{"@id":"https:\/\/paikallis-sahko.fi\/en\/#organization"},"potentialAction":[{"@type":"SearchAction","target":{"@type":"EntryPoint","urlTemplate":"https:\/\/paikallis-sahko.fi\/en\/?s={search_term_string}"},"query-input":{"@type":"PropertyValueSpecification","valueRequired":true,"valueName":"search_term_string"}}],"inLanguage":"en-US"},{"@type":"Organization","@id":"https:\/\/paikallis-sahko.fi\/en\/#organization","name":"Paikallis S\u00e4hk\u00f6 Oy","url":"https:\/\/paikallis-sahko.fi\/en\/","logo":{"@type":"ImageObject","inLanguage":"en-US","@id":"https:\/\/paikallis-sahko.fi\/en\/#\/schema\/logo\/image\/","url":"https:\/\/paikallis-sahko.fi\/wp-content\/uploads\/sites\/2\/2023\/06\/Paikallis-sa\u0308hko\u0308-logo-crop.png","contentUrl":"https:\/\/paikallis-sahko.fi\/wp-content\/uploads\/sites\/2\/2023\/06\/Paikallis-sa\u0308hko\u0308-logo-crop.png","width":834,"height":229,"caption":"Paikallis S\u00e4hk\u00f6 Oy"},"image":{"@id":"https:\/\/paikallis-sahko.fi\/en\/#\/schema\/logo\/image\/"},"sameAs":["https:\/\/www.facebook.com\/p\/Paikallis-Shk-Oy-100063841823277\/","https:\/\/x.com\/PSahko"]}]}},"_links":{"self":[{"href":"https:\/\/paikallis-sahko.fi\/en\/wp-json\/wp\/v2\/pages\/180","targetHints":{"allow":["GET"]}}],"collection":[{"href":"https:\/\/paikallis-sahko.fi\/en\/wp-json\/wp\/v2\/pages"}],"about":[{"href":"https:\/\/paikallis-sahko.fi\/en\/wp-json\/wp\/v2\/types\/page"}],"author":[{"embeddable":true,"href":"https:\/\/paikallis-sahko.fi\/en\/wp-json\/wp\/v2\/users\/1"}],"replies":[{"embeddable":true,"href":"https:\/\/paikallis-sahko.fi\/en\/wp-json\/wp\/v2\/comments?post=180"}],"version-history":[{"count":14,"href":"https:\/\/paikallis-sahko.fi\/en\/wp-json\/wp\/v2\/pages\/180\/revisions"}],"predecessor-version":[{"id":2021,"href":"https:\/\/paikallis-sahko.fi\/en\/wp-json\/wp\/v2\/pages\/180\/revisions\/2021"}],"wp:attachment":[{"href":"https:\/\/paikallis-sahko.fi\/en\/wp-json\/wp\/v2\/media?parent=180"}],"curies":[{"name":"wp","href":"https:\/\/api.w.org\/{rel}","templated":true}]}}